{"id":7908,"date":"2020-09-02T17:54:02","date_gmt":"2020-09-02T15:54:02","guid":{"rendered":"https:\/\/hallein-evangelisch.at\/wp\/?page_id=7908"},"modified":"2026-02-01T12:45:26","modified_gmt":"2026-02-01T11:45:26","slug":"aktuelle-kontaktdaten","status":"publish","type":"page","link":"https:\/\/hallein-evangelisch.at\/wp\/?page_id=7908","title":{"rendered":"Weitere Kontaktdaten"},"content":{"rendered":"\n<h4>Pfarramt<\/h4>\n<p>Davisstr. 38, 5400 Hallein<br \/>\n+43 6245 80628, Fax -4<br \/>\nhttps:\/\/hallein-evangelisch.at<br \/>\nSchaitberger-Kirche t\u00e4glich ge\u00f6ffnet: 09.00 \u2013 18.00 Uhr<\/p>\n<h4>Pfarrer<\/h4>\n<p>Pfarrer Dr. Peter Gabriel, Tel. +43 699 188 77 599; evang.hallein@sbg.at<br \/>\nPfarrer Jens-Daniel Mauer Tel. +43 699 188 77 595; mauer@hallein-evangelisch.at<\/p>\n<h4>Vikar<\/h4>\n<p>Annemarie Goldbrich<br \/>\nannemarie.goldbrich@evang.at<\/p>\n<h4>Kuratorin<\/h4>\n<p>Christine Strobl (neu ab 1.1.2024)<br \/>\nkurator@hallein-evangelisch.at<\/p>\n<h4>Gemeindep\u00e4dagoge<\/h4>\n<p>Dietmar Pilz<br \/>\ngemeindepaedagoge@hallein-evangelisch.at<\/p>\n<h4>Sekretariat<\/h4>\n<p>Yvonne Ennsmann<br \/>\nkirchenbeitrag@hallein-evangelisch.at<br \/>\nDienstag + Donnerstag, 8.00 \u2013 12.30 Uhr<\/p>\n<h3>Bankverbindungen<\/h3>\n<p><strong>Hauptkonto<br \/>\n<\/strong>Salzburger Sparkasse: AT06 2040 4060 0901 9290<br \/>\nEmpf\u00e4nger: Evangelisches Pfarramt Hallein<\/p>\n<p style=\"font-weight: 400;\"><strong>Kirchenbeitragskonto<u><br \/>\n<\/u><\/strong>Salzburger Sparkasse: AT90 2040 4060 0900 0803<br \/>\nEmpf\u00e4nger: Evangelisches Pfarramt Hallein<\/p>\n<p><strong>Diakonie-Spendenkonto<\/strong><br \/>\nVolksbank Salzburg: IBAN AT 43 4501 0000 2013 9747<br \/>\nEmpf\u00e4nger: Evangelische Pfarrgemeinde Hallein<\/p>\n<p><strong>Diakonie-Spendenkonto (DALETE)<br \/>\n<\/strong>Empf\u00e4nger: Diakoniewerk Gallneukirchen Spendenverein<br \/>\nAllgemeine Sparkasse Ober\u00f6sterreich IBAN: AT82 2032 0000 0025 7700<br \/>\nVerwendungszweck: \u201eMITEINANDER HALLEIN\u201c<\/p>\n<p><strong>Diakonie-Spendenkonto (Gallneukirchen)<br \/>\n<\/strong>Empf\u00e4nger: Diakoniewerk Gallneukirchen Spendenverein<br \/>\nAllgemeine Sparkasse Ober\u00f6sterreich: AT82 2032 0000 0025 7700<\/p>\n<h3>Diakoniebeauftragte<\/h3>\n<p>Dr. Edda B\u00f6hm-Ingram, Tel. +43 699 18877062; diakonie@hallein-evangelisch.at<\/p>\n<h4>Kirchenbeitragsangelegenheiten<\/h4>\n<p>Yvonne Ennsmann<br \/>\nTel. : <a href=\"tel:0699\/188 77 598\">0699\/188 77 598<\/a><br \/>\noder kirchenbeitrag@hallein-evangelisch.at<br \/>\nB\u00fcrozeiten: Di, Do, und Fr von 8:00 \u2013 12:00 Uhr<br \/>\n(nachmittags nach Terminvereinbarung)<\/p>\n<h4>Diakonie.mobil<\/h4>\n<p>Betreuung und Pflege f\u00fcr Zuhause im Tennengau: B\u00fcro Khuenburggasse 2, Tel.: 0650-8267700; diakoniemobil.hallein@diakoniewerk.at B\u00fcro Diakoniewerk Salzburg: 5026 Salzburg, Olivierstr. 10, Tel.: 0662-276361, diakoniemobil.salzburg@diakoniewerk.at https:\/\/www.diakoniewerk.at\/diakoniemobil-salzburg-hallein<\/p>\n<h3>Hospizbewegung<\/h3>\n<p><a href=\"https:\/\/hallein-evangelisch.at\/wp\/?p=11768\">Weitere Informationen<\/a><\/p>\n<h4>Integrations- und Bildungszentrum (IBZ) Salzburg<\/h4>\n<p>Lehener Stra\u00dfe 26, 5020,Salzburg<br \/>\n+43 662\u00a0 8703290<br \/>\n<a href=\"https:\/\/fluechtlingsdienst.diakonie.at\/einrichtung\/salzburg-integrationshaus\">Homepage<\/a><\/p>\n<h4>Datenschutzbeauftragter<\/h4>\n<p>Christian Euhus, datenschutz@hallein-evangelisch.at<\/p>\n<h4>Krankenhausseelsorge<\/h4>\n<p>Pfr. Peter Gabriel, +43 699 18877599<\/p>\n<h4>Telefonseelsorge<\/h4>\n<p>Tag und Nacht &#8211; geb\u00fchrenfrei, Tel.: 142<\/p>\n<h4>Evang. Kirche im Internet<\/h4>\n<ul>\n<li><a href=\"https:\/\/www.evang.at\" target=\"_blank\" rel=\"noopener\">Evangelische Kirche in \u00d6sterreich<\/a><\/li>\n<li><a href=\"https:\/\/www.sichtbar-evangelisch.at\/\" target=\"_blank\" rel=\"noopener\">Evangelische Kirche Salzburg-Tirol<\/a><\/li>\n<li><a href=\"https:\/\/www.evangelischekirchenmusik.at\/\" target=\"_blank\" rel=\"noopener\">Evangelische Kirchenmusik Salzburg-Tirol<\/a><\/li>\n<li><a href=\"https:\/\/christuskirche.at\/gemeindeleben\/salzbund\/\" target=\"_blank\" rel=\"noopener\">Der Salzbund in Salzburg<\/a><\/li>\n<\/ul>\n<h4>Homepagegestaltung<\/h4>\n<p>Helmut Meisl (webmaster@hallein-evangelisch.at)<\/p>\n","protected":false},"excerpt":{"rendered":"<div class=\"mh-excerpt\"><p>Pfarramt Davisstr. 38, 5400 Hallein +43 6245 80628, Fax -4 https:\/\/hallein-evangelisch.at Schaitberger-Kirche t\u00e4glich ge\u00f6ffnet: 09.00 \u2013 18.00 Uhr Pfarrer Pfarrer Dr. Peter Gabriel, Tel. +43 699 188 77 599; evang.hallein@sbg.at Pfarrer Jens-Daniel Mauer Tel. +43 <a class=\"mh-excerpt-more\" href=\"https:\/\/hallein-evangelisch.at\/wp\/?page_id=7908\" title=\"Weitere Kontaktdaten\">[&#8230;]<\/a><\/p>\n<\/div>","protected":false},"author":8,"featured_media":0,"parent":0,"menu_order":0,"comment_status":"closed","ping_status":"closed","template":"","meta":{"footnotes":""},"class_list":["post-7908","page","type-page","status-publish"],"_links":{"self":[{"href":"https:\/\/hallein-evangelisch.at\/wp\/index.php?rest_route=\/wp\/v2\/pages\/7908","targetHints":{"allow":["GET"]}}],"collection":[{"href":"https:\/\/hallein-evangelisch.at\/wp\/index.php?rest_route=\/wp\/v2\/pages"}],"about":[{"href":"https:\/\/hallein-evangelisch.at\/wp\/index.php?rest_route=\/wp\/v2\/types\/page"}],"author":[{"embeddable":true,"href":"https:\/\/hallein-evangelisch.at\/wp\/index.php?rest_route=\/wp\/v2\/users\/8"}],"replies":[{"embeddable":true,"href":"https:\/\/hallein-evangelisch.at\/wp\/index.php?rest_route=%2Fwp%2Fv2%2Fcomments&post=7908"}],"version-history":[{"count":35,"href":"https:\/\/hallein-evangelisch.at\/wp\/index.php?rest_route=\/wp\/v2\/pages\/7908\/revisions"}],"predecessor-version":[{"id":17777,"href":"https:\/\/hallein-evangelisch.at\/wp\/index.php?rest_route=\/wp\/v2\/pages\/7908\/revisions\/17777"}],"wp:attachment":[{"href":"https:\/\/hallein-evangelisch.at\/wp\/index.php?rest_route=%2Fwp%2Fv2%2Fmedia&parent=7908"}],"curies":[{"name":"wp","href":"https:\/\/api.w.org\/{rel}","templated":true}]}}